{"id":1998,"date":"2025-10-01T10:29:47","date_gmt":"2025-10-01T10:29:47","guid":{"rendered":"https:\/\/www.passepartoutspain.com\/pagina-de-inicio\/"},"modified":"2026-03-26T15:02:26","modified_gmt":"2026-03-26T15:02:26","slug":"pagina-de-inicio","status":"publish","type":"page","link":"https:\/\/www.belgianfurniturespain.com\/es\/","title":{"rendered":"P\u00e1gina de inicio"},"content":{"rendered":"<p>[et_pb_section fb_built=&#8221;1&#8243; fullwidth=&#8221;on&#8221; _builder_version=&#8221;4.27.4&#8243; _module_preset=&#8221;default&#8221; global_colors_info=&#8221;{}&#8221;][et_pb_fullwidth_header _builder_version=&#8221;4.27.4&#8243; _module_preset=&#8221;default&#8221; background_enable_color=&#8221;off&#8221; background_image=&#8221;https:\/\/www.belgianfurniturespain.com\/wordpress\/wp-content\/uploads\/Medusa-extra-b8ac99e6-f53f-4530-8e76-a20b4ed3d9a5.jpg&#8221; background_video_mp4=&#8221;https:\/\/www.belgianfurniturespain.com\/wordpress\/wp-content\/uploads\/YTDown.com_YouTube_Why-Passe-Partout-How-to-turn-a-house-in_Media_3iJSwcCQvAI_001_1080p.mp4&#8243; height=&#8221;100vh&#8221; height_tablet=&#8221;700px&#8221; height_phone=&#8221;500px&#8221; height_last_edited=&#8221;on|phone&#8221; global_colors_info=&#8221;{}&#8221;][\/et_pb_fullwidth_header][\/et_pb_section][et_pb_section fb_built=&#8221;1&#8243; _builder_version=&#8221;4.27.4&#8243; _module_preset=&#8221;default&#8221; custom_padding=&#8221;0px||0px||true|false&#8221; global_colors_info=&#8221;{}&#8221;][et_pb_row _builder_version=&#8221;4.27.4&#8243; _module_preset=&#8221;default&#8221; custom_padding=&#8221;0px||0px||true|false&#8221; global_colors_info=&#8221;{}&#8221;][et_pb_column type=&#8221;4_4&#8243; _builder_version=&#8221;4.27.4&#8243; _module_preset=&#8221;default&#8221; global_colors_info=&#8221;{}&#8221;][et_pb_icon font_icon=&#8221;&#x22;||divi||400&#8243; icon_color=&#8221;#FFFFFF&#8221; icon_width=&#8221;50px&#8221; url=&#8221;#second-section&#8221; _builder_version=&#8221;4.27.4&#8243; _module_preset=&#8221;default&#8221; custom_margin=&#8221;-73px||||false|false&#8221; global_colors_info=&#8221;{}&#8221;][\/et_pb_icon][\/et_pb_column][\/et_pb_row][\/et_pb_section][et_pb_section fb_built=&#8221;1&#8243; module_id=&#8221;second-section&#8221; _builder_version=&#8221;4.27.4&#8243; _module_preset=&#8221;default&#8221; global_colors_info=&#8221;{}&#8221;][et_pb_row disabled_on=&#8221;off|off|off&#8221; _builder_version=&#8221;4.27.4&#8243; _module_preset=&#8221;default&#8221; global_colors_info=&#8221;{}&#8221;][et_pb_column type=&#8221;4_4&#8243; _builder_version=&#8221;4.27.4&#8243; _module_preset=&#8221;default&#8221; global_colors_info=&#8221;{}&#8221;][et_pb_text admin_label=&#8221;Text&#8221; _builder_version=&#8221;4.27.4&#8243; _module_preset=&#8221;default&#8221; text_font=&#8221;&#8211;et_global_body_font|300|||||||&#8221; text_font_size=&#8221;24px&#8221; text_line_height=&#8221;1.8em&#8221; header_2_text_align=&#8221;center&#8221; text_line_height_last_edited=&#8221;off|desktop&#8221; global_colors_info=&#8221;{}&#8221; text_line_height__hover_enabled=&#8221;off|desktop&#8221;]<\/p>\n<p style=\"text-align: center;\"><span style=\"color: #000000;\"><span style=\"font-family: tahoma, sans-serif;\">Disfruta de descuentos especiales del 10%, 20% y 30% en una selecci\u00f3n de muebles y camas de nuestra colecci\u00f3n, disponibles en stock en nuestro moderno showroom de M\u00e1laga. Como distribuidor exclusivo de muebles Passe Partout en la Costa del Sol, Espa\u00f1a, ofrecemos acceso inmediato a piezas premium. <\/span><\/span><\/p>\n<p>[\/et_pb_text][\/et_pb_column][\/et_pb_row][et_pb_row _builder_version=&#8221;4.27.4&#8243; _module_preset=&#8221;default&#8221; width=&#8221;100%&#8221; max_width=&#8221;100%&#8221; global_colors_info=&#8221;{}&#8221;][et_pb_column type=&#8221;4_4&#8243; _builder_version=&#8221;4.27.4&#8243; _module_preset=&#8221;default&#8221; global_colors_info=&#8221;{}&#8221;][dsm_card_carousel slide_to_show=&#8221;2&#8243; speed=&#8221;700&#8243; arrow_position=&#8221;inside&#8221; arrow_prev=&#8221;on&#8221; arrow_prev_font_icon=&#8221;&#x34;||divi||400&#8243; arrow_next=&#8221;on&#8221; arrow_next_font_icon=&#8221;&#x35;||divi||400&#8243; arrow_size=&#8221;80px&#8221; arrow_color=&#8221;#FFFFFF&#8221; stretch_image=&#8221;off&#8221; arrow_size_tablet=&#8221;80px&#8221; arrow_size_phone=&#8221;50px&#8221; arrow_size_last_edited=&#8221;on|phone&#8221; module_class=&#8221;collection-slicer&#8221; _builder_version=&#8221;4.27.4&#8243; _module_preset=&#8221;default&#8221; header_font_size=&#8221;28px&#8221; custom_css_free_form=&#8221;.collection-slicer .dsm_card_carousel_child_image_wrapper {||    height: 31vw !important;||}||||@media (max-width: 980px) {||  .collection-slicer .dsm_card_carousel_child_image_wrapper {||    height: 50vw !important;||}||}||||@media (max-width: 479px) {||    .collection-slicer .dsm_card_carousel_child_image_wrapper {||    height: 70vw !important;||}||}||||@media only screen and (max-width: 767px) {||    .dsm_card_carousel .swiper-button-next {||        right: 0px !important;||    }||      .dsm_card_carousel .swiper-button-prev {||        left: 0px !important;||    }||}&#8221; global_colors_info=&#8221;{}&#8221;][dsm_card_carousel_child title=&#8221;Sof\u00e1s&#8221; image=&#8221;https:\/\/www.belgianfurniturespain.com\/wordpress\/wp-content\/uploads\/image-3.png&#8221; alt=&#8221;Sof\u00e1 Medusa&#8221; button_text=&#8221;Ver el producto&#8221; button_url=&#8221;https:\/\/www.belgianfurniturespain.com\/catalogue\/sofas\/&#8221; button_url_new_window=&#8221;1&#8243; _builder_version=&#8221;4.27.4&#8243; _module_preset=&#8221;default&#8221; header_text_align=&#8221;center&#8221; custom_button=&#8221;on&#8221; button_text_color=&#8221;#000000&#8243; button_border_width=&#8221;1px&#8221; button_border_color=&#8221;#000000&#8243; button_border_radius=&#8221;12px&#8221; button_alignment=&#8221;center&#8221; global_colors_info=&#8221;{}&#8221;][\/dsm_card_carousel_child][dsm_card_carousel_child title=&#8221;Mesas de centro&#8221; image=&#8221;https:\/\/www.belgianfurniturespain.com\/wordpress\/wp-content\/uploads\/extra-Amazone-Evening-1024&#215;682.jpg&#8221; button_text=&#8221;Ver el producto&#8221; button_url=&#8221;https:\/\/www.belgianfurniturespain.com\/catalogue\/mesas-de-centro\/&#8221; button_url_new_window=&#8221;1&#8243; _builder_version=&#8221;4.27.4&#8243; _module_preset=&#8221;default&#8221; header_text_align=&#8221;center&#8221; custom_button=&#8221;on&#8221; button_text_color=&#8221;#000000&#8243; button_border_width=&#8221;1px&#8221; button_border_color=&#8221;#000000&#8243; button_border_radius=&#8221;12px&#8221; button_alignment=&#8221;center&#8221; global_colors_info=&#8221;{}&#8221;][\/dsm_card_carousel_child][dsm_card_carousel_child title=&#8221;Mesas de comedor&#8221; image=&#8221;https:\/\/www.belgianfurniturespain.com\/wordpress\/wp-content\/uploads\/\/extra-Bombay-diner-320-cm-Black-02-Detail-2-1024&#215;684.jpg&#8221; button_text=&#8221;Ver el producto&#8221; button_url=&#8221;https:\/\/www.belgianfurniturespain.com\/catalogue\/mesas-de-comedor\/&#8221; button_url_new_window=&#8221;1&#8243; _builder_version=&#8221;4.27.4&#8243; _module_preset=&#8221;default&#8221; header_text_align=&#8221;center&#8221; custom_button=&#8221;on&#8221; button_text_color=&#8221;#000000&#8243; button_border_width=&#8221;1px&#8221; button_border_color=&#8221;#000000&#8243; button_border_radius=&#8221;12px&#8221; button_alignment=&#8221;center&#8221; global_colors_info=&#8221;{}&#8221;][\/dsm_card_carousel_child][dsm_card_carousel_child title=&#8221;Sillas&#8221; image=&#8221;https:\/\/www.belgianfurniturespain.com\/wordpress\/wp-content\/uploads\/\/extra-012cf7fb-b581-4289-b9e6-20aba7830890-1024&#215;682.jpeg&#8221; button_text=&#8221;Ver el producto&#8221; button_url=&#8221;https:\/\/www.belgianfurniturespain.com\/catalogue\/sillas\/&#8221; button_url_new_window=&#8221;1&#8243; _builder_version=&#8221;4.27.4&#8243; _module_preset=&#8221;default&#8221; header_text_align=&#8221;center&#8221; custom_button=&#8221;on&#8221; button_text_color=&#8221;#000000&#8243; button_border_width=&#8221;1px&#8221; button_border_color=&#8221;#000000&#8243; button_border_radius=&#8221;12px&#8221; button_alignment=&#8221;center&#8221; global_colors_info=&#8221;{}&#8221;][\/dsm_card_carousel_child][dsm_card_carousel_child title=&#8221;Sillas bajas de comedor&#8221; image=&#8221;https:\/\/www.belgianfurniturespain.com\/wordpress\/wp-content\/uploads\/extra-e12389e5-baed-49b4-86fb-44f20921a15a-1024&#215;683.jpeg&#8221; button_text=&#8221;Ver el producto&#8221; button_url=&#8221;https:\/\/www.belgianfurniturespain.com\/catalogue\/comedor-bajo\/&#8221; button_url_new_window=&#8221;1&#8243; _builder_version=&#8221;4.27.4&#8243; _module_preset=&#8221;default&#8221; header_text_align=&#8221;center&#8221; custom_button=&#8221;on&#8221; button_text_color=&#8221;#000000&#8243; button_border_width=&#8221;1px&#8221; button_border_color=&#8221;#000000&#8243; button_border_radius=&#8221;12px&#8221; button_alignment=&#8221;center&#8221; global_colors_info=&#8221;{}&#8221;][\/dsm_card_carousel_child][dsm_card_carousel_child title=&#8221;Asientos&#8221; image=&#8221;https:\/\/www.belgianfurniturespain.com\/wordpress\/wp-content\/uploads\/extra-Chubby-LSC-1790_5-980&#215;551-1.jpg&#8221; button_text=&#8221;Ver el producto&#8221; button_url=&#8221;https:\/\/www.belgianfurniturespain.com\/catalogue\/asientos\/&#8221; button_url_new_window=&#8221;1&#8243; _builder_version=&#8221;4.27.4&#8243; _module_preset=&#8221;default&#8221; header_text_align=&#8221;center&#8221; custom_button=&#8221;on&#8221; button_text_color=&#8221;#000000&#8243; button_border_width=&#8221;1px&#8221; button_border_color=&#8221;#000000&#8243; button_border_radius=&#8221;12px&#8221; button_alignment=&#8221;center&#8221; global_colors_info=&#8221;{}&#8221;][\/dsm_card_carousel_child][dsm_card_carousel_child title=&#8221;Exterior&#8221; image=&#8221;https:\/\/www.belgianfurniturespain.com\/wordpress\/wp-content\/uploads\/extra-243cfb46-7d42-433a-963c-72f7c134545e.jpeg&#8221; button_text=&#8221;Ver el producto&#8221; button_url=&#8221;https:\/\/www.belgianfurniturespain.com\/catalogue\/exterior\/&#8221; button_url_new_window=&#8221;1&#8243; _builder_version=&#8221;4.27.4&#8243; _module_preset=&#8221;default&#8221; header_text_align=&#8221;center&#8221; custom_button=&#8221;on&#8221; button_text_color=&#8221;#000000&#8243; button_border_width=&#8221;1px&#8221; button_border_color=&#8221;#000000&#8243; button_border_radius=&#8221;12px&#8221; button_alignment=&#8221;center&#8221; global_colors_info=&#8221;{}&#8221;][\/dsm_card_carousel_child][dsm_card_carousel_child title=&#8221;Camas&#8221; image=&#8221;https:\/\/www.belgianfurniturespain.com\/wordpress\/wp-content\/uploads\/Bed-Recor-Tulip-High-1.png&#8221; button_text=&#8221;Ver el producto&#8221; button_url=&#8221;https:\/\/www.belgianfurniturespain.com\/catalogue\/camas\/&#8221; button_url_new_window=&#8221;1&#8243; _builder_version=&#8221;4.27.4&#8243; _module_preset=&#8221;default&#8221; header_text_align=&#8221;center&#8221; custom_button=&#8221;on&#8221; button_text_color=&#8221;#000000&#8243; button_border_width=&#8221;1px&#8221; button_border_color=&#8221;#000000&#8243; button_border_radius=&#8221;12px&#8221; button_alignment=&#8221;center&#8221; global_colors_info=&#8221;{}&#8221;][\/dsm_card_carousel_child][\/dsm_card_carousel][\/et_pb_column][\/et_pb_row][\/et_pb_section][et_pb_section fb_built=&#8221;1&#8243; _builder_version=&#8221;4.27.4&#8243; _module_preset=&#8221;default&#8221; custom_padding=&#8221;0px||0px||true|false&#8221; global_colors_info=&#8221;{}&#8221;][et_pb_row use_custom_gutter=&#8221;on&#8221; gutter_width=&#8221;1&#8243; _builder_version=&#8221;4.27.4&#8243; _module_preset=&#8221;default&#8221; width=&#8221;100%&#8221; max_width=&#8221;100%&#8221; custom_padding=&#8221;0px||0px||true|false&#8221; global_colors_info=&#8221;{}&#8221;][et_pb_column type=&#8221;4_4&#8243; _builder_version=&#8221;4.27.4&#8243; _module_preset=&#8221;default&#8221; global_colors_info=&#8221;{}&#8221;][et_pb_image src=&#8221;https:\/\/www.belgianfurniturespain.com\/wordpress\/wp-content\/uploads\/big-sofa-homepage.jpg&#8221; title_text=&#8221;big-sofa-homepage&#8221; show_bottom_space=&#8221;off&#8221; align=&#8221;center&#8221; force_fullwidth=&#8221;on&#8221; disabled_on=&#8221;on|on|on&#8221; _builder_version=&#8221;4.27.4&#8243; _module_preset=&#8221;default&#8221; disabled=&#8221;on&#8221; global_colors_info=&#8221;{}&#8221;][\/et_pb_image][dsm_image_carousel gallery_ids=&#8221;2000,1967,1961,2001,2002,2003,2004,2005,2006,2007,2008,2009,2010,2011,2013,2014,2015,2016&#8243; sizes=&#8221;et-pb-portfolio-image&#8221; slider_direction=&#8221;rtl&#8221; speed=&#8221;11000&#8243; infinite_smooth_scrolling=&#8221;on&#8221; arrow_position=&#8221;inside&#8221; grab=&#8221;off&#8221; module_class=&#8221;homepage-slider&#8221; _builder_version=&#8221;4.27.4&#8243; _module_preset=&#8221;default&#8221; custom_margin=&#8221;0px||0px||true|false&#8221; custom_padding=&#8221;0px||0px||true|false&#8221; custom_css_free_form=&#8221;.homepage-slider .dsm_image_carousel_item {||  margin-left:0 !important;||}&#8221; global_colors_info=&#8221;{}&#8221;][\/dsm_image_carousel][\/et_pb_column][\/et_pb_row][\/et_pb_section][et_pb_section fb_built=&#8221;1&#8243; _builder_version=&#8221;4.27.4&#8243; _module_preset=&#8221;default&#8221; background_color=&#8221;#DED8CD&#8221; custom_padding=&#8221;||68px|||&#8221; global_colors_info=&#8221;{}&#8221;][et_pb_row column_structure=&#8221;1_2,1_2&#8243; make_equal=&#8221;on&#8221; _builder_version=&#8221;4.27.4&#8243; _module_preset=&#8221;default&#8221; global_colors_info=&#8221;{}&#8221;][et_pb_column type=&#8221;1_2&#8243; _builder_version=&#8221;4.27.4&#8243; _module_preset=&#8221;default&#8221; global_colors_info=&#8221;{}&#8221;][et_pb_image src=&#8221;https:\/\/www.belgianfurniturespain.com\/wordpress\/wp-content\/uploads\/CTB-website-1-600.jpg&#8221; title_text=&#8221;CTB-sitio web-1-600&#8243; _builder_version=&#8221;4.27.4&#8243; _module_preset=&#8221;default&#8221; global_colors_info=&#8221;{}&#8221;][\/et_pb_image][\/et_pb_column][et_pb_column type=&#8221;1_2&#8243; _builder_version=&#8221;4.27.4&#8243; _module_preset=&#8221;default&#8221; custom_css_main_element=&#8221;margin:auto;&#8221; global_colors_info=&#8221;{}&#8221;][et_pb_text _builder_version=&#8221;4.27.4&#8243; _module_preset=&#8221;default&#8221; header_2_text_align=&#8221;center&#8221; global_colors_info=&#8221;{}&#8221;]<\/p>\n<h2>Descargar<br \/>coffee table book &amp; magazine<\/h2>\n<p>[\/et_pb_text][et_pb_button button_url=&#8221;https:\/\/www.belgianfurniturespain.com\/es\/catalogo-2026\/&#8221; button_text=&#8221;descargar libro de mesa de caf\u00e9&#8221; button_alignment=&#8221;center&#8221; _builder_version=&#8221;4.27.4&#8243; _module_preset=&#8221;default&#8221; button_border_color=&#8221;#000000&#8243; button_letter_spacing=&#8221;0px&#8221; button_font=&#8221;&#8211;et_global_body_font||||||||&#8221; button_use_icon=&#8221;on&#8221; button_icon=&#8221;&#xe092;||divi||400&#8243; button_icon_placement=&#8221;left&#8221; button_on_hover=&#8221;off&#8221; global_colors_info=&#8221;{}&#8221; button_bg_color__hover_enabled=&#8221;on|hover&#8221; button_bg_color__hover=&#8221;#FFFFFF&#8221; button_bg_enable_color__hover=&#8221;on&#8221;][\/et_pb_button][\/et_pb_column][\/et_pb_row][\/et_pb_section][et_pb_section fb_built=&#8221;1&#8243; _builder_version=&#8221;4.27.4&#8243; _module_preset=&#8221;default&#8221; global_colors_info=&#8221;{}&#8221;][et_pb_row disabled_on=&#8221;off|off|off&#8221; _builder_version=&#8221;4.27.4&#8243; _module_preset=&#8221;default&#8221; global_colors_info=&#8221;{}&#8221;][et_pb_column type=&#8221;4_4&#8243; _builder_version=&#8221;4.27.4&#8243; _module_preset=&#8221;default&#8221; global_colors_info=&#8221;{}&#8221;][et_pb_text admin_label=&#8221;Text&#8221; _builder_version=&#8221;4.27.4&#8243; _module_preset=&#8221;default&#8221; text_font=&#8221;&#8211;et_global_body_font|300|||||||&#8221; text_font_size=&#8221;24px&#8221; text_line_height=&#8221;1.8em&#8221; header_2_text_align=&#8221;center&#8221; hover_enabled=&#8221;0&#8243; text_line_height_last_edited=&#8221;off|desktop&#8221; global_colors_info=&#8221;{}&#8221; text_line_height__hover_enabled=&#8221;off|desktop&#8221; sticky_enabled=&#8221;0&#8243;]<\/p>\n<h1 style=\"text-align: center;\">Mobiliario belga premium en Espa\u00f1a para hogares e interiores<\/h1>\n<p>[\/et_pb_text][et_pb_text admin_label=&#8221;Text&#8221; _builder_version=&#8221;4.27.4&#8243; _module_preset=&#8221;default&#8221; text_font=&#8221;&#8211;et_global_body_font|300|||||||&#8221; text_font_size=&#8221;24px&#8221; header_2_text_align=&#8221;center&#8221; hover_enabled=&#8221;0&#8243; text_line_height_last_edited=&#8221;off|desktop&#8221; global_colors_info=&#8221;{}&#8221; text_line_height__hover_enabled=&#8221;off|desktop&#8221; sticky_enabled=&#8221;0&#8243;]<\/p>\n<p style=\"text-align: center;\" data-start=\"155\" data-end=\"561\">Somos el distribuidor exclusivo de muebles Passe Partout en toda la Costa del Sol y en el resto de Espa\u00f1a. Ofrecemos colecciones contempor\u00e1neas de alta calidad dise\u00f1adas en B\u00e9lgica, incluyendo sof\u00e1s, mesas de comedor, sillas, unidades de almacenamiento y accesorios. Nuestra misi\u00f3n es llevar el confort, la artesan\u00eda y el dise\u00f1o atemporal caracter\u00edsticos de la marca a clientes privados, interioristas y espacios comerciales.  <\/p>\n<p style=\"text-align: center;\" data-start=\"563\" data-end=\"945\">Passe Partout es reconocida por su mobiliario moderno, duradero y cuidadosamente elaborado. Cada colecci\u00f3n combina materiales c\u00e1lidos y naturales con una funcionalidad pr\u00e1ctica para el d\u00eda a d\u00eda. Como distribuidor exclusivo en la regi\u00f3n, ofrecemos acceso a cat\u00e1logos seleccionados, opciones a medida y asesoramiento experto tanto para proyectos residenciales como de hosteler\u00eda, todo disponible desde nuestro showroom en M\u00e1laga.  <\/p>\n<p>[\/et_pb_text][\/et_pb_column][\/et_pb_row][\/et_pb_section][et_pb_section fb_built=&#8221;1&#8243; _builder_version=&#8221;4.27.4&#8243; _module_preset=&#8221;default&#8221; global_colors_info=&#8221;{}&#8221;][et_pb_row _builder_version=&#8221;4.27.4&#8243; _module_preset=&#8221;default&#8221; global_colors_info=&#8221;{}&#8221;][et_pb_column type=&#8221;4_4&#8243; _builder_version=&#8221;4.27.4&#8243; _module_preset=&#8221;default&#8221; global_colors_info=&#8221;{}&#8221;][et_pb_text admin_label=&#8221;Text&#8221; _builder_version=&#8221;4.27.4&#8243; _module_preset=&#8221;default&#8221; text_font=&#8221;&#8211;et_global_body_font|300|||||||&#8221; text_font_size=&#8221;24px&#8221; text_line_height=&#8221;1.8em&#8221; header_2_text_align=&#8221;center&#8221; hover_enabled=&#8221;0&#8243; text_line_height_last_edited=&#8221;off|desktop&#8221; locked=&#8221;off&#8221; global_colors_info=&#8221;{}&#8221; text_line_height__hover_enabled=&#8221;off|desktop&#8221; sticky_enabled=&#8221;0&#8243;]<\/p>\n<h1 style=\"text-align: center;\"><span style=\"color: #000000;\"><span style=\"font-family: tahoma, sans-serif;\">PREGUNTAS FRECUENTES<\/span><\/span><\/h1>\n<p>[\/et_pb_text][et_pb_accordion _builder_version=&#8221;4.27.4&#8243; _module_preset=&#8221;default&#8221; hover_enabled=&#8221;0&#8243; global_colors_info=&#8221;{}&#8221; sticky_enabled=&#8221;0&#8243;][et_pb_accordion_item title=&#8221;\u00bfQu\u00e9 es Passe Partout?&#8221; open=&#8221;on&#8221; _builder_version=&#8221;4.27.4&#8243; _module_preset=&#8221;default&#8221; hover_enabled=&#8221;0&#8243; global_colors_info=&#8221;{}&#8221; sticky_enabled=&#8221;0&#8243;]<\/p>\n<p>Somos el distribuidor exclusivo de muebles Passe Partout en Espa\u00f1a, ofreciendo colecciones dise\u00f1adas en B\u00e9lgica a clientes privados, interioristas y espacios comerciales en toda la Costa del Sol y m\u00e1s all\u00e1. Ofrecemos acceso completo a los \u00faltimos cat\u00e1logos y colecciones de la marca, todos disponibles a trav\u00e9s de nuestro showroom en M\u00e1laga. <\/p>\n<p>[\/et_pb_accordion_item][et_pb_accordion_item title=&#8221;\u00bfTen\u00e9is un showroom?&#8221; _builder_version=&#8221;4.27.4&#8243; _module_preset=&#8221;default&#8221; hover_enabled=&#8221;0&#8243; global_colors_info=&#8221;{}&#8221; open=&#8221;off&#8221; sticky_enabled=&#8221;0&#8243;]<\/p>\n<p data-start=\"98\" data-end=\"276\">S\u00ed. Ofrecemos visitas al showroom con cita previa en M\u00e1laga, donde tanto clientes particulares como profesionales del sector pueden descubrir una selecci\u00f3n cuidada de colecciones de muebles Passe Partout. <\/p>\n<p>[\/et_pb_accordion_item][et_pb_accordion_item title=&#8221;\u00bfOfrec\u00e9is muebles a medida?&#8221; _builder_version=&#8221;4.27.4&#8243; _module_preset=&#8221;default&#8221; hover_enabled=&#8221;0&#8243; global_colors_info=&#8221;{}&#8221; open=&#8221;off&#8221; sticky_enabled=&#8221;0&#8243;]<\/p>\n<p>S\u00ed. Muchos muebles de Passe Partout pueden personalizarse, incluidos sof\u00e1s, mesas de comedor y sillas. Los clientes pueden elegir entre una amplia gama de tejidos, acabados, tama\u00f1os y configuraciones para adaptarlos a su espacio.  <\/p>\n<p>[\/et_pb_accordion_item][et_pb_accordion_item title=&#8221;\u00bfOfrec\u00e9is entrega a nivel nacional en Espa\u00f1a?&#8221; _builder_version=&#8221;4.27.4&#8243; _module_preset=&#8221;default&#8221; hover_enabled=&#8221;0&#8243; global_colors_info=&#8221;{}&#8221; open=&#8221;off&#8221; sticky_enabled=&#8221;0&#8243;]<\/p>\n<p data-start=\"105\" data-end=\"242\">S\u00ed. Realizamos entregas en toda Espa\u00f1a, incluyendo Andaluc\u00eda, Madrid, Barcelona, las islas y otras regiones.<\/p>\n<p> <\/p>\n<p>[\/et_pb_accordion_item][\/et_pb_accordion][\/et_pb_column][\/et_pb_row][\/et_pb_section]<\/p>\n","protected":false},"excerpt":{"rendered":"<p>Disfruta de descuentos especiales del 10%, 20% y 30% en una selecci\u00f3n de muebles y camas de nuestra colecci\u00f3n, disponibles en stock en nuestro moderno showroom de M\u00e1laga. Como distribuidor exclusivo de muebles Passe Partout en la Costa del Sol, Espa\u00f1a, ofrecemos acceso inmediato a piezas premium. <div class=\"et_pb_module dsm_card_carousel dsm_card_carousel_0 collection-slicer dsm_card_carousel_layout_stacked  dsm_card_carousel_arrow_inside dsm_card_carousel_arrow_mobile_inside\">\n\t\t\t\t\n\t\t\t\t\n\t\t\t\t\n\t\t\t\t\n\t\t\t\t\n\t\t\t\t\n\t\t\t\t<div class=\"et_pb_module_inner\">\n\t\t\t\t\t\n\t\t\t\n\t\t\t<div class=\"swiper-container dsm_card_carousel_wrapper\" dir=\"ltr\" data-params=\"[{&quot;direction&quot;:&quot;horizontal&quot;,&quot;effect&quot;:&quot;default&quot;,&quot;slider_effect_shadows&quot;:false,&quot;slider_effect_coverflow_rotate&quot;:&quot;30&quot;,&quot;slider_effect_coverflow_depth&quot;:&quot;0&quot;,&quot;loop&quot;:true,&quot;infinite_smooth_scrolling&quot;:false,&quot;slide_to_show&quot;:&quot;2&quot;,&quot;slide_to_show_tablet&quot;:&quot;1&quot;,&quot;slide_to_show_phone&quot;:&quot;1&quot;,&quot;slide_to_scroll&quot;:&quot;1&quot;,&quot;slide_to_scroll_tablet&quot;:&quot;1&quot;,&quot;slide_to_scroll_phone&quot;:&quot;1&quot;,&quot;space_between&quot;:&quot;15&quot;,&quot;space_between_tablet&quot;:&quot;15&quot;,&quot;space_between_phone&quot;:&quot;15&quot;,&quot;centered_slides&quot;:false,&quot;multiple_slide_row&quot;:&quot;off&quot;,&quot;slide_row&quot;:&quot;1&quot;,&quot;slide_row_tablet&quot;:&quot;1&quot;,&quot;slide_row_phone&quot;:&quot;1&quot;,&quot;speed&quot;:&quot;700&quot;,&quot;autoplay&quot;:true,&quot;autoplay_speed&quot;:&quot;3000&quot;,&quot;autoplay_viewport&quot;:&quot;80%&quot;,&quot;touch_move&quot;:true,&quot;grab&quot;:true,&quot;pause_on_hover&quot;:false,&quot;mousewheel&quot;:false,&quot;auto_height&quot;:true,&quot;equal_height&quot;:true,&quot;equal_height_tablet&quot;:true,&quot;equal_height_phone&quot;:true}]\">\n\t\t\t<div class=\"swiper-wrapper\"><\/div>\n\t\t\t<\/div><div class=\"swiper-button-prev dsm_card_carousel_arrow\" data-icon=\"&#x34;\"><\/div><div class=\"swiper-button-next dsm_card_carousel_arrow\" data-icon=\"&#x35;\"><\/div><div class=\"swiper-pagination dsm_card_carousel_pagination\"><\/div>\n\t\t\t\t<\/div>\n\t\t\t<\/div><div class=\"dsm_card_carousel_child dsm_card_carousel_child_0 swiper-slide\">\n\t\t\t\t\n\t\t\t\t\n\t\t\t\t\n\t\t\t\t\n\t\t\t\t\n\t\t\t\t\n\t\t\t\t<div class=\"et_pb_module_inner\">\n\t\t\t\t\t\n\t\t\t\n\t\t\t<figure class=\"dsm_card_carousel_child_image_wrapper dsm_card_carousel_child_badge_top_right\"><div class=\"dsm_card_carousel_child_image_background dsm_card_carousel_child_img\"><\/div><\/figure>\n\t\t\t<div class=\"dsm_card_wrapper et_pb_text_align_left et_pb_bg_layout_light\">\n\t\t\t\t\t<h4 class=\"dsm_card_title et_pb_module_header\">Sof\u00e1s<\/h4>\n\t\t\t\t\t\n\t\t\t\t\t\n\t\t\t\t\t<div class=\"et_pb_button_wrapper\"><a class=\"et_pb_button et_pb_more_button \" href=\"https:\/\/www.belgianfurniturespain.com\/catalogue\/sofas\/\">Ver el producto<\/a><\/div>\n\t\t\t\t<\/div>\n\t\t\t\t<\/div>\n\t\t\t<\/div><div class=\"dsm_card_carousel_child dsm_card_carousel_child_1 swiper-slide\">\n\t\t\t\t\n\t\t\t\t\n\t\t\t\t\n\t\t\t\t\n\t\t\t\t\n\t\t\t\t\n\t\t\t\t<div class=\"et_pb_module_inner\">\n\t\t\t\t\t\n\t\t\t\n\t\t\t<figure class=\"dsm_card_carousel_child_image_wrapper dsm_card_carousel_child_badge_top_right\"><div class=\"dsm_card_carousel_child_image_background dsm_card_carousel_child_img\"><\/div><\/figure>\n\t\t\t<div class=\"dsm_card_wrapper et_pb_text_align_left et_pb_bg_layout_light\">\n\t\t\t\t\t<h4 class=\"dsm_card_title et_pb_module_header\">Mesas de centro<\/h4>\n\t\t\t\t\t\n\t\t\t\t\t\n\t\t\t\t\t<div class=\"et_pb_button_wrapper\"><a class=\"et_pb_button et_pb_more_button \" href=\"https:\/\/www.belgianfurniturespain.com\/catalogue\/mesas-de-centro\/\">Ver el producto<\/a><\/div>\n\t\t\t\t<\/div>\n\t\t\t\t<\/div>\n\t\t\t<\/div><div class=\"dsm_card_carousel_child dsm_card_carousel_child_2 swiper-slide\">\n\t\t\t\t\n\t\t\t\t\n\t\t\t\t\n\t\t\t\t\n\t\t\t\t\n\t\t\t\t\n\t\t\t\t<div class=\"et_pb_module_inner\">\n\t\t\t\t\t\n\t\t\t\n\t\t\t<figure class=\"dsm_card_carousel_child_image_wrapper dsm_card_carousel_child_badge_top_right\"><div class=\"dsm_card_carousel_child_image_background dsm_card_carousel_child_img\"><\/div><\/figure>\n\t\t\t<div class=\"dsm_card_wrapper et_pb_text_align_left et_pb_bg_layout_light\">\n\t\t\t\t\t<h4 class=\"dsm_card_title et_pb_module_header\">Mesas de comedor<\/h4>\n\t\t\t\t\t\n\t\t\t\t\t\n\t\t\t\t\t<div class=\"et_pb_button_wrapper\"><a class=\"et_pb_button et_pb_more_button \" href=\"https:\/\/www.belgianfurniturespain.com\/catalogue\/mesas-de-comedor\/\">Ver el producto<\/a><\/div>\n\t\t\t\t<\/div>\n\t\t\t\t<\/div>\n\t\t\t<\/div><div class=\"dsm_card_carousel_child dsm_card_carousel_child_3 swiper-slide\">\n\t\t\t\t\n\t\t\t\t\n\t\t\t\t\n\t\t\t\t\n\t\t\t\t\n\t\t\t\t\n\t\t\t\t<div class=\"et_pb_module_inner\">\n\t\t\t\t\t\n\t\t\t\n\t\t\t<figure class=\"dsm_card_carousel_child_image_wrapper dsm_card_carousel_child_badge_top_right\"><div class=\"dsm_card_carousel_child_image_background dsm_card_carousel_child_img\"><\/div><\/figure>\n\t\t\t<div class=\"dsm_card_wrapper et_pb_text_align_left et_pb_bg_layout_light\">\n\t\t\t\t\t<h4 class=\"dsm_card_title et_pb_module_header\">Sillas<\/h4>\n\t\t\t\t\t\n\t\t\t\t\t\n\t\t\t\t\t<div class=\"et_pb_button_wrapper\"><a class=\"et_pb_button et_pb_more_button \" href=\"https:\/\/www.belgianfurniturespain.com\/catalogue\/sillas\/\">Ver el producto<\/a><\/div>\n\t\t\t\t<\/div>\n\t\t\t\t<\/div>\n\t\t\t<\/div><div class=\"dsm_card_carousel_child dsm_card_carousel_child_4 swiper-slide\">\n\t\t\t\t\n\t\t\t\t\n\t\t\t\t\n\t\t\t\t\n\t\t\t\t\n\t\t\t\t\n\t\t\t\t<div class=\"et_pb_module_inner\">\n\t\t\t\t\t\n\t\t\t\n\t\t\t<figure class=\"dsm_card_carousel_child_image_wrapper dsm_card_carousel_child_badge_top_right\"><div class=\"dsm_card_carousel_child_image_background dsm_card_carousel_child_img\"><\/div><\/figure>\n\t\t\t<div class=\"dsm_card_wrapper et_pb_text_align_left et_pb_bg_layout_light\">\n\t\t\t\t\t<h4 class=\"dsm_card_title et_pb_module_header\">&#8221;Sillas<\/h4>\n\t\t\t\t\t\n\t\t\t\t\t\n\t\t\t\t\t<div class=\"et_pb_button_wrapper\"><a class=\"et_pb_button et_pb_more_button \" href=\"\">&#8221;Ver<\/a><\/div>\n\t\t\t\t<\/div>\n\t\t\t\t<\/div>\n\t\t\t<\/div><\/p>\n","protected":false},"author":1,"featured_media":1999,"parent":0,"menu_order":0,"comment_status":"closed","ping_status":"closed","template":"","meta":{"_acf_changed":false,"_et_pb_use_builder":"on","_et_pb_old_content":"","_et_gb_content_width":"","footnotes":""},"class_list":["post-1998","page","type-page","status-publish","has-post-thumbnail","hentry"],"acf":[],"yoast_head":"<!-- This site is optimized with the Yoast SEO plugin v27.4 - https:\/\/yoast.com\/product\/yoast-seo-wordpress\/ -->\n<title>Passe Partout Espa\u00f1a - Muebles de Interior y Exterior, Marbella, M\u00e1laga, Espa\u00f1a<\/title>\n<meta name=\"description\" content=\"Muebles de interior y exterior fabricados en Europa con un nuevo concepto de tienda en Espa\u00f1a de muebles contempor\u00e1neos con sof\u00e1s, butacas, sillas, mesas, comedores bajos y camas en Marbella, M\u00e1laga, Espa\u00f1a.\" \/>\n<meta name=\"robots\" content=\"index, follow, max-snippet:-1, max-image-preview:large, max-video-preview:-1\" \/>\n<link rel=\"canonical\" href=\"https:\/\/www.belgianfurniturespain.com\/es\/\" \/>\n<meta property=\"og:locale\" content=\"es_ES\" \/>\n<meta property=\"og:type\" content=\"article\" \/>\n<meta property=\"og:title\" content=\"Passe Partout Espa\u00f1a - Muebles de Interior y Exterior, Marbella, M\u00e1laga, Espa\u00f1a\" \/>\n<meta property=\"og:description\" content=\"Muebles de interior y exterior fabricados en Europa con un nuevo concepto de tienda en Espa\u00f1a de muebles contempor\u00e1neos con sof\u00e1s, butacas, sillas, mesas, comedores bajos y camas en Marbella, M\u00e1laga, Espa\u00f1a.\" \/>\n<meta property=\"og:url\" content=\"https:\/\/www.belgianfurniturespain.com\/es\/\" \/>\n<meta property=\"og:site_name\" content=\"Premium Belgian Furniture Spain\" \/>\n<meta property=\"article:modified_time\" content=\"2026-03-26T15:02:26+00:00\" \/>\n<meta property=\"og:image\" content=\"https:\/\/www.belgianfurniturespain.com\/wordpress\/wp-content\/uploads\/image-3.png\" \/>\n\t<meta property=\"og:image:width\" content=\"933\" \/>\n\t<meta property=\"og:image:height\" content=\"575\" \/>\n\t<meta property=\"og:image:type\" content=\"image\/png\" \/>\n<meta name=\"twitter:card\" content=\"summary_large_image\" \/>\n<meta name=\"twitter:label1\" content=\"Est. reading time\" \/>\n\t<meta name=\"twitter:data1\" content=\"11 minutes\" \/>\n<script type=\"application\/ld+json\" class=\"yoast-schema-graph\">{\"@context\":\"https:\\\/\\\/schema.org\",\"@graph\":[{\"@type\":\"WebPage\",\"@id\":\"https:\\\/\\\/www.belgianfurniturespain.com\\\/es\\\/\",\"url\":\"https:\\\/\\\/www.belgianfurniturespain.com\\\/es\\\/\",\"name\":\"Passe Partout Espa\u00f1a - Muebles de Interior y Exterior, Marbella, M\u00e1laga, Espa\u00f1a\",\"isPartOf\":{\"@id\":\"https:\\\/\\\/www.belgianfurniturespain.com\\\/es\\\/#website\"},\"primaryImageOfPage\":{\"@id\":\"https:\\\/\\\/www.belgianfurniturespain.com\\\/es\\\/#primaryimage\"},\"image\":{\"@id\":\"https:\\\/\\\/www.belgianfurniturespain.com\\\/es\\\/#primaryimage\"},\"thumbnailUrl\":\"https:\\\/\\\/www.belgianfurniturespain.com\\\/wordpress\\\/wp-content\\\/uploads\\\/image-3.png\",\"datePublished\":\"2025-10-01T10:29:47+00:00\",\"dateModified\":\"2026-03-26T15:02:26+00:00\",\"description\":\"Muebles de interior y exterior fabricados en Europa con un nuevo concepto de tienda en Espa\u00f1a de muebles contempor\u00e1neos con sof\u00e1s, butacas, sillas, mesas, comedores bajos y camas en Marbella, M\u00e1laga, Espa\u00f1a.\",\"breadcrumb\":{\"@id\":\"https:\\\/\\\/www.belgianfurniturespain.com\\\/es\\\/#breadcrumb\"},\"inLanguage\":\"es-ES\",\"potentialAction\":[{\"@type\":\"ReadAction\",\"target\":[\"https:\\\/\\\/www.belgianfurniturespain.com\\\/es\\\/\"]}]},{\"@type\":\"ImageObject\",\"inLanguage\":\"es-ES\",\"@id\":\"https:\\\/\\\/www.belgianfurniturespain.com\\\/es\\\/#primaryimage\",\"url\":\"https:\\\/\\\/www.belgianfurniturespain.com\\\/wordpress\\\/wp-content\\\/uploads\\\/image-3.png\",\"contentUrl\":\"https:\\\/\\\/www.belgianfurniturespain.com\\\/wordpress\\\/wp-content\\\/uploads\\\/image-3.png\",\"width\":933,\"height\":575},{\"@type\":\"BreadcrumbList\",\"@id\":\"https:\\\/\\\/www.belgianfurniturespain.com\\\/es\\\/#breadcrumb\",\"itemListElement\":[{\"@type\":\"ListItem\",\"position\":1,\"name\":\"Home\",\"item\":\"https:\\\/\\\/www.belgianfurniturespain.com\\\/es\\\/pagina-de-inicio\\\/\"},{\"@type\":\"ListItem\",\"position\":2,\"name\":\"P\u00e1gina de inicio\"}]},{\"@type\":\"WebSite\",\"@id\":\"https:\\\/\\\/www.belgianfurniturespain.com\\\/es\\\/#website\",\"url\":\"https:\\\/\\\/www.belgianfurniturespain.com\\\/es\\\/\",\"name\":\"Premium Belgian Furniture Spain\",\"description\":\"- Exclusive Passe Partout Distributor | Sofas, Tables, Chairs, Seats, Beds &amp; Outdoor \",\"potentialAction\":[{\"@type\":\"SearchAction\",\"target\":{\"@type\":\"EntryPoint\",\"urlTemplate\":\"https:\\\/\\\/www.belgianfurniturespain.com\\\/es\\\/?s={search_term_string}\"},\"query-input\":{\"@type\":\"PropertyValueSpecification\",\"valueRequired\":true,\"valueName\":\"search_term_string\"}}],\"inLanguage\":\"es-ES\"}]}<\/script>\n<!-- \/ Yoast SEO plugin. -->","yoast_head_json":{"title":"Passe Partout Espa\u00f1a - Muebles de Interior y Exterior, Marbella, M\u00e1laga, Espa\u00f1a","description":"Muebles de interior y exterior fabricados en Europa con un nuevo concepto de tienda en Espa\u00f1a de muebles contempor\u00e1neos con sof\u00e1s, butacas, sillas, mesas, comedores bajos y camas en Marbella, M\u00e1laga, Espa\u00f1a.","robots":{"index":"index","follow":"follow","max-snippet":"max-snippet:-1","max-image-preview":"max-image-preview:large","max-video-preview":"max-video-preview:-1"},"canonical":"https:\/\/www.belgianfurniturespain.com\/es\/","og_locale":"es_ES","og_type":"article","og_title":"Passe Partout Espa\u00f1a - Muebles de Interior y Exterior, Marbella, M\u00e1laga, Espa\u00f1a","og_description":"Muebles de interior y exterior fabricados en Europa con un nuevo concepto de tienda en Espa\u00f1a de muebles contempor\u00e1neos con sof\u00e1s, butacas, sillas, mesas, comedores bajos y camas en Marbella, M\u00e1laga, Espa\u00f1a.","og_url":"https:\/\/www.belgianfurniturespain.com\/es\/","og_site_name":"Premium Belgian Furniture Spain","article_modified_time":"2026-03-26T15:02:26+00:00","og_image":[{"width":933,"height":575,"url":"https:\/\/www.belgianfurniturespain.com\/wordpress\/wp-content\/uploads\/image-3.png","type":"image\/png"}],"twitter_card":"summary_large_image","twitter_misc":{"Est. reading time":"11 minutes"},"schema":{"@context":"https:\/\/schema.org","@graph":[{"@type":"WebPage","@id":"https:\/\/www.belgianfurniturespain.com\/es\/","url":"https:\/\/www.belgianfurniturespain.com\/es\/","name":"Passe Partout Espa\u00f1a - Muebles de Interior y Exterior, Marbella, M\u00e1laga, Espa\u00f1a","isPartOf":{"@id":"https:\/\/www.belgianfurniturespain.com\/es\/#website"},"primaryImageOfPage":{"@id":"https:\/\/www.belgianfurniturespain.com\/es\/#primaryimage"},"image":{"@id":"https:\/\/www.belgianfurniturespain.com\/es\/#primaryimage"},"thumbnailUrl":"https:\/\/www.belgianfurniturespain.com\/wordpress\/wp-content\/uploads\/image-3.png","datePublished":"2025-10-01T10:29:47+00:00","dateModified":"2026-03-26T15:02:26+00:00","description":"Muebles de interior y exterior fabricados en Europa con un nuevo concepto de tienda en Espa\u00f1a de muebles contempor\u00e1neos con sof\u00e1s, butacas, sillas, mesas, comedores bajos y camas en Marbella, M\u00e1laga, Espa\u00f1a.","breadcrumb":{"@id":"https:\/\/www.belgianfurniturespain.com\/es\/#breadcrumb"},"inLanguage":"es-ES","potentialAction":[{"@type":"ReadAction","target":["https:\/\/www.belgianfurniturespain.com\/es\/"]}]},{"@type":"ImageObject","inLanguage":"es-ES","@id":"https:\/\/www.belgianfurniturespain.com\/es\/#primaryimage","url":"https:\/\/www.belgianfurniturespain.com\/wordpress\/wp-content\/uploads\/image-3.png","contentUrl":"https:\/\/www.belgianfurniturespain.com\/wordpress\/wp-content\/uploads\/image-3.png","width":933,"height":575},{"@type":"BreadcrumbList","@id":"https:\/\/www.belgianfurniturespain.com\/es\/#breadcrumb","itemListElement":[{"@type":"ListItem","position":1,"name":"Home","item":"https:\/\/www.belgianfurniturespain.com\/es\/pagina-de-inicio\/"},{"@type":"ListItem","position":2,"name":"P\u00e1gina de inicio"}]},{"@type":"WebSite","@id":"https:\/\/www.belgianfurniturespain.com\/es\/#website","url":"https:\/\/www.belgianfurniturespain.com\/es\/","name":"Premium Belgian Furniture Spain","description":"- Exclusive Passe Partout Distributor | Sofas, Tables, Chairs, Seats, Beds &amp; Outdoor ","potentialAction":[{"@type":"SearchAction","target":{"@type":"EntryPoint","urlTemplate":"https:\/\/www.belgianfurniturespain.com\/es\/?s={search_term_string}"},"query-input":{"@type":"PropertyValueSpecification","valueRequired":true,"valueName":"search_term_string"}}],"inLanguage":"es-ES"}]}},"_links":{"self":[{"href":"https:\/\/www.belgianfurniturespain.com\/es\/wp-json\/wp\/v2\/pages\/1998","targetHints":{"allow":["GET"]}}],"collection":[{"href":"https:\/\/www.belgianfurniturespain.com\/es\/wp-json\/wp\/v2\/pages"}],"about":[{"href":"https:\/\/www.belgianfurniturespain.com\/es\/wp-json\/wp\/v2\/types\/page"}],"author":[{"embeddable":true,"href":"https:\/\/www.belgianfurniturespain.com\/es\/wp-json\/wp\/v2\/users\/1"}],"replies":[{"embeddable":true,"href":"https:\/\/www.belgianfurniturespain.com\/es\/wp-json\/wp\/v2\/comments?post=1998"}],"version-history":[{"count":10,"href":"https:\/\/www.belgianfurniturespain.com\/es\/wp-json\/wp\/v2\/pages\/1998\/revisions"}],"predecessor-version":[{"id":2517,"href":"https:\/\/www.belgianfurniturespain.com\/es\/wp-json\/wp\/v2\/pages\/1998\/revisions\/2517"}],"wp:featuredmedia":[{"embeddable":true,"href":"https:\/\/www.belgianfurniturespain.com\/es\/wp-json\/wp\/v2\/media\/1999"}],"wp:attachment":[{"href":"https:\/\/www.belgianfurniturespain.com\/es\/wp-json\/wp\/v2\/media?parent=1998"}],"curies":[{"name":"wp","href":"https:\/\/api.w.org\/{rel}","templated":true}]}}